{"id":177,"date":"2020-12-21T00:37:31","date_gmt":"2020-12-20T23:37:31","guid":{"rendered":"https:\/\/racinesprojetsaccompagnement.com\/?page_id=177"},"modified":"2025-04-17T00:28:37","modified_gmt":"2025-04-16T22:28:37","slug":"tarifs","status":"publish","type":"page","link":"https:\/\/racinesprojetsaccompagnement.com\/index.php\/tarifs\/","title":{"rendered":"Tarifs, financements, CGV"},"content":{"rendered":"\n<p><span style=\"background-color:rgba(0, 0, 0, 0)\" class=\"has-inline-color has-vivid-red-color\">Accompagnement en <strong>Th\u00e9rapie<\/strong><\/span><br>&#8211; <strong>Consultations <\/strong>en psychoth\u00e9rapie (art th\u00e9rapie et Hypnose) <strong>65 \u20ac la s\u00e9ance d&rsquo;une heure 15 \u00e0 une heure 30 <\/strong>. Si vous avez des difficult\u00e9s financi\u00e8res, parlons-en! Nous pouvons voir ensemble des solutions.<\/p>\n\n\n\n<p>&#8211;<strong>S\u00e9ances <\/strong>en <strong>respiration <\/strong>holotropique:<\/p>\n\n\n\n<ul class=\"wp-block-list\">\n<li>seul ou en duo, d&rsquo;une dur\u00e9e de 2 heures \u00e0 2h30: 80\u20ac <\/li>\n\n\n\n<li>session de groupe d&rsquo;une journ\u00e9e : 120\u20ac <br><\/li>\n<\/ul>\n\n\n\n<p><span style=\"background-color:rgba(0, 0, 0, 0)\" class=\"has-inline-color has-vivid-red-color\">Accompagnement <strong>Professionnel<\/strong><\/span><\/p>\n\n\n\n<p>L&rsquo;organisation du bilan de comp\u00e9tences peut <strong>s&rsquo;adapter <\/strong>en <strong>dur\u00e9e <\/strong>et en <strong>contenu <\/strong>aux caract\u00e9ristiques de la personne et aux objectifs du bilan d\u2019une dur\u00e9e totale de 24 heures maximum. Nous consulter pour toute question li\u00e9e au montant.<\/p>\n\n\n\n<ul class=\"wp-block-list\">\n<li><strong>Bilan de comp\u00e9tences<\/strong> &#8211; 1er entretien gratuit<\/li>\n<\/ul>\n\n\n\n<div class=\"wp-block-buttons is-layout-flex wp-block-buttons-is-layout-flex\">\n<div class=\"wp-block-button is-style-fill\"><a class=\"wp-block-button__link has-luminous-vivid-amber-color has-vivid-red-background-color has-text-color has-background wp-element-button\" href=\"https:\/\/www.moncompteformation.gouv.fr\/espace-prive\/html\/#\/formation\/recherche\/78849322900058_Bilandecompetences\/78849322900058_Bilandecompetences?q=%7B%22nombreOccurences%22:10,%22debutPagination%22:1,%22displayName%22:%22BILAN%20DE%20COMPETENCES%22,%22sort%22:%22SCORE%22,%22filters%22:%7B%22price%22:%7B%22minValue%22:0,%22maxValue%22:10000,%22step%22:500,%22value%22:2000%7D,%22distance%22:%7B%22minValue%22:0,%22maxValue%22:1000,%22defaultValue%22:500,%22step%22:20,%22value%22:80%7D,%22organism%22:%7B%22nom%22:%22DUCHESNE%20CHRISTINA%22%7D%7D,%22where%22:%7B%22area%22:0,%22aroundMe%22:false,%22modality%22:%221%22,%22value%22:%7B%22city%22:%22SELESTAT%22,%22postalCode%22:%2267600%22,%22coordinates%22:%7B%22longitude%22:7.489927,%22latitude%22:48.26494%7D%7D%7D,%22_whatRef%22:%7B%22libelle%22:%22BILAN%20DE%20COMPETENCES%22,%22code%22:%22CPF202%22,%22type%22:%22CERTIFICATION%22%7D%7D&amp;distance=0\" target=\"_blank\" rel=\"noreferrer noopener\">Tarif Bilan competences sur mon compte de formation<\/a><\/div>\n<\/div>\n\n\n\n<ul class=\"wp-block-list\">\n<li>Le <strong>bilan de comp\u00e9tences <\/strong>est adaptable en dur\u00e9e et contenu. Le tarif de base est de 1950\u20ac pour 24H &#8211; dont votre <strong>reste \u00e0 charge <\/strong>de 100\u20ac obligatoire<strong>*<\/strong>. Sauf exception&nbsp;: les demandeurs d\u2019emploi, les personnes reconnues RQTH, et lorsque l\u2019employeur accepte un co-financement, auquel cas, un remboursement sera effectu\u00e9. <\/li>\n\n\n\n<li><strong>*<\/strong> Cf. D\u00e9cret n\u00b0 2024-394 du 29 avril 2024 relatif \u00e0 la participation obligatoire au financement des formations \u00e9ligibles au compte personnel de formation<\/li>\n<\/ul>\n\n\n\n<ul class=\"wp-block-list\">\n<li><strong>Coaching emploi&nbsp;: <\/strong>travail du CV et de la lettre de motivation, pr\u00e9paration \u00e0 l\u2019entretien d\u2019embauche<br><strong>60\u20ac la s\u00e9ance<\/strong><\/li>\n<\/ul>\n\n\n\n<ul class=\"wp-block-list\">\n<li><strong>Accompagnement <\/strong>montage dossier de demande de financement de formation compris dans le parcours Bilan de comp\u00e9tences.<\/li>\n<\/ul>\n\n\n\n<p><span style=\"background-color:rgba(0, 0, 0, 0)\" class=\"has-inline-color has-vivid-red-color\"><strong>Financements <\/strong>bilan de comp\u00e9tences \u2013 devis sur demande.<\/span><br>Tous les salari\u00e9s du secteur priv\u00e9, les demandeurs d&#8217;emploi, avec ou sans Reconnaissance en Qualit\u00e9 de Travailleur Handicap\u00e9, peuvent b\u00e9n\u00e9ficier d&rsquo;un bilan de comp\u00e9tences.<br>Le bilan de comp\u00e9tences peut \u00eatre r\u00e9alis\u00e9 :<br>\u2022 A votre initiative, en mobilisant votre compte personnel de formation (CPF). <strong><a class=\"rank-math-link\" href=\"https:\/\/www.moncompteformation.gouv.fr\/espace-prive\/html\/#\/\">Espace compte formation<\/a><\/strong><br>\u2022 A l&rsquo;initiative de votre employeur, dans le cadre du plan de d\u00e9veloppement des comp\u00e9tences de l&rsquo;entreprise, avec votre consentement.<\/p>\n\n\n\n<p>Vous pouvez, au choix, r\u00e9aliser votre bilan :<br>\u2022 <strong>En dehors de votre temps de travail<\/strong> : vous n&rsquo;\u00eates dans ce cas pas tenu d&rsquo;informer votre employeur sur votre d\u00e9marche et vous n&rsquo;avez pas d&rsquo;autorisation d&rsquo;absence \u00e0 demander. Votre d\u00e9marche reste confidentielle. Vous n&rsquo;\u00eates pas r\u00e9mun\u00e9r\u00e9 pendant votre bilan.<\/p>\n\n\n\n<p>\u2022 <strong>Sur votre temps de travail<\/strong> : vous devez alors au pr\u00e9alable demander une autorisation d&rsquo;absence de 24 heures maximum \u00e0 votre employeur (demande \u00e9crite, 2 mois avant le d\u00e9marrage du bilan, pr\u00e9cisant la date et la dur\u00e9e du bilan, ainsi que le nom du prestataire choisi). Deux possibilit\u00e9s de r\u00e9ponse pour votre<br>employeur, dans un d\u00e9lai d&rsquo;un mois : accord ou report de l&rsquo;autorisation pour raisons de service (dans la limite de 6 mois). Pendant le bilan, vous conservez votre r\u00e9mun\u00e9ration habituelle<\/p>\n\n\n\n<p>\u2022<strong>En tant que demandeur d\u2019emploi,<\/strong> vous pouvez \u00e9galement mobiliser votre compte CPF, avec l&rsquo;abondement possible de France Travail (Ex P\u00f4le emploi), voyez avec votre conseiller FT (PE); et si vous \u00eates en CSP, rapprochez-vous de votre conseiller CSP pour la mise en oeuvre du bilan inclue dans le dispositif. <strong><a href=\"https:\/\/formation.grandest.fr\/Formation\/bilan-de-competences-45224\">Formation Grand-Est.<\/a><\/strong><\/p>\n\n\n\n<div class=\"wp-block-buttons is-layout-flex wp-block-buttons-is-layout-flex\">\n<div class=\"wp-block-button\"><a class=\"wp-block-button__link has-luminous-vivid-amber-color has-vivid-red-background-color has-text-color has-background wp-element-button\" href=\"https:\/\/racinesprojetsaccompagnement.com\/index.php\/tarifs\/politique-de-confidentialite\/\">VOIR NOS CONDITIONS G\u00c9N\u00c9RALES DES VENTES<\/a><\/div>\n<\/div>\n\n\n\n<div class=\"wp-block-file\"><a id=\"wp-block-file--media-353b076c-62e7-42eb-87a0-998a0c084908\" href=\"https:\/\/racinesprojetsaccompagnement.com\/wp-content\/uploads\/2021\/11\/Formulaire-reclamation-Racines-Projets-Nov-2021.pdf\"><span style=\"background-color:rgba(0, 0, 0, 0)\" class=\"has-inline-color has-luminous-vivid-orange-color\">&#8211; Pour toute r\u00e9clamation, je vous invite \u00e0 remplir le formulaire ci-dessous et \u00e0 me le renvoyer d\u00fbment rempli soit par mail: christina.duchesne@yahoo.fr soit \u00e0 l&rsquo;adresse postale suivante: 95, Grand&rsquo;Rue, 68150 Ribeauvill\u00e9.<\/span><br><br>Formulaire-reclamation-Racines-Projets-Nov-2021<\/a><a href=\"https:\/\/racinesprojetsaccompagnement.com\/wp-content\/uploads\/2021\/11\/Formulaire-reclamation-Racines-Projets-Nov-2021.pdf\" class=\"wp-block-file__button wp-element-button\" download aria-describedby=\"wp-block-file--media-353b076c-62e7-42eb-87a0-998a0c084908\">T\u00e9l\u00e9charger<\/a><\/div>\n\n\n\n<p>Cr\u00e9dit Photos: J\u00e9r\u00f4me PETIT<\/p>\n","protected":false},"excerpt":{"rendered":"<p>Accompagnement en Th\u00e9rapie&#8211; Consultations en psychoth\u00e9rapie (art th\u00e9rapie et Hypnose) 65 \u20ac la s\u00e9ance d&rsquo;une heure 15 \u00e0 une heure 30 . Si vous avez des difficult\u00e9s financi\u00e8res, parlons-en! Nous pouvons voir ensemble des solutions. &#8211;S\u00e9ances en respiration holotropique: Accompagnement Professionnel L&rsquo;organisation du bilan de comp\u00e9tences peut s&rsquo;adapter en dur\u00e9e et en contenu aux caract\u00e9ristiques &hellip; <\/p>\n<p class=\"link-more\"><a href=\"https:\/\/racinesprojetsaccompagnement.com\/index.php\/tarifs\/\" class=\"more-link\">Continue reading<span class=\"screen-reader-text\"> \u00ab\u00a0Tarifs, financements, CGV\u00a0\u00bb<\/span><\/a><\/p>\n","protected":false},"author":1,"featured_media":0,"parent":0,"menu_order":0,"comment_status":"closed","ping_status":"closed","template":"template-full.php","meta":{"footnotes":""},"class_list":["post-177","page","type-page","status-publish","hentry"],"_links":{"self":[{"href":"https:\/\/racinesprojetsaccompagnement.com\/index.php\/wp-json\/wp\/v2\/pages\/177","targetHints":{"allow":["GET"]}}],"collection":[{"href":"https:\/\/racinesprojetsaccompagnement.com\/index.php\/wp-json\/wp\/v2\/pages"}],"about":[{"href":"https:\/\/racinesprojetsaccompagnement.com\/index.php\/wp-json\/wp\/v2\/types\/page"}],"author":[{"embeddable":true,"href":"https:\/\/racinesprojetsaccompagnement.com\/index.php\/wp-json\/wp\/v2\/users\/1"}],"replies":[{"embeddable":true,"href":"https:\/\/racinesprojetsaccompagnement.com\/index.php\/wp-json\/wp\/v2\/comments?post=177"}],"version-history":[{"count":38,"href":"https:\/\/racinesprojetsaccompagnement.com\/index.php\/wp-json\/wp\/v2\/pages\/177\/revisions"}],"predecessor-version":[{"id":905,"href":"https:\/\/racinesprojetsaccompagnement.com\/index.php\/wp-json\/wp\/v2\/pages\/177\/revisions\/905"}],"wp:attachment":[{"href":"https:\/\/racinesprojetsaccompagnement.com\/index.php\/wp-json\/wp\/v2\/media?parent=177"}],"curies":[{"name":"wp","href":"https:\/\/api.w.org\/{rel}","templated":true}]}}